{"id":5,"date":"2020-02-05T14:00:46","date_gmt":"2020-02-05T12:00:46","guid":{"rendered":"https:\/\/www.vitaldent.com\/blog\/index.php\/home\/"},"modified":"2025-09-18T15:05:39","modified_gmt":"2025-09-18T13:05:39","slug":"home","status":"publish","type":"page","link":"https:\/\/www.vitaldent.com\/blog\/","title":{"rendered":"Home"},"content":{"rendered":"\n<div class=\"container\">\n\n    <h2 class=\"title  title--type2 has-border-bottom\" style=\"\">\n        \u00daltimos art\u00edculos    \n            <\/h2>\n\n<\/div>\n\n\n\n<div class=\"container\">\n    <div class=\"postcollage1\">\n        <div class=\"postcollage1__col\">\n            \n            \r\n<div class=\"postcard1 roll-scale\">\r\n    <a href=\"https:\/\/www.vitaldent.com\/blog\/que-hacer-ante-una-urgencia-dental\/\" class=\"postcard1__image\" style=\"background-image:url('https:\/\/www.vitaldent.com\/blog\/wp-content\/uploads\/2026\/04\/que-hacer-ante-una-urgencia-dental.jpg')\"><\/a>\r\n    \r\n    <a href=\"https:\/\/www.vitaldent.com\/blog\/consejos-salud-bucodental\/\" class=\"postcard1__catname catname\">Consejos y salud bucodental<\/a>\r\n\r\n    <div class=\"postcard1__date\">22 abril 2026<\/div>\r\n\r\n    <h3 class=\"postcard1__title\" title=\"\u00bfQu\u00e9 hacer ante una urgencia dental?\">\r\n        <a href=\"https:\/\/www.vitaldent.com\/blog\/que-hacer-ante-una-urgencia-dental\/\">\u00bfQu\u00e9 hacer ante una urgencia dental?<\/a>\r\n    <\/h3>\r\n\r\n    <a href=\"https:\/\/www.vitaldent.com\/blog\/author\/dra-eva-lago\/\"><img decoding=\"async\" class=\"postcard1__authoravatar roll-opacity\" src=\"https:\/\/secure.gravatar.com\/avatar\/79c74c24738a35bdf5899dc69bd93748b48c95a48d47fdbee010a5cf6895457d?s=32&#038;d=mm&#038;r=g\" alt=\"Eva Lago\"><\/a>\r\n\r\n        <div class=\"postcard1__readingtime readingtime\">9 min de lectura<\/div>\r\n\r\n    <\/div>\r\n\r\n\n        <\/div>\n        <div class=\"postcollage1__col hidden-mobile\">\n\n                            \r\n\r\n<div class=\"postcard2 roll-scale\">\r\n    <a href=\"https:\/\/www.vitaldent.com\/blog\/mantenimiento-periodontal\/\" class=\"postcard2__image\" style=\"background-image:url('https:\/\/www.vitaldent.com\/blog\/wp-content\/uploads\/2026\/04\/mantenimiento-periodontal-240x240.jpg')\"><\/a>\r\n\r\n            <div class=\"postcard2__catname catname\">Tratamientos dentales<\/div>\r\n    \r\n    <div class=\"postcard2__date\">14 abril 2026<\/div>\r\n\r\n    <h3 class=\"postcard2__title\" title=\"Mantenimiento periodontal: \u00bfqu\u00e9 es y cu\u00e1ndo se realiza?\">\r\n        <a href=\"https:\/\/www.vitaldent.com\/blog\/mantenimiento-periodontal\/\">\r\n            Mantenimiento periodontal: \u00bfqu\u00e9 es y cu\u00e1ndo se realiza?        <\/a>\r\n    <\/h3>\r\n\r\n    <a href=\"https:\/\/www.vitaldent.com\/blog\/author\/dra-eva-lago\/\"><img decoding=\"async\" class=\"postcard2__authoravatar roll-opacity\" src=\"https:\/\/secure.gravatar.com\/avatar\/79c74c24738a35bdf5899dc69bd93748b48c95a48d47fdbee010a5cf6895457d?s=32&#038;d=mm&#038;r=g\" title=\"Eva Lago\"><\/a>\r\n\r\n        <div class=\"postcard2__readingtime readingtime\">6 min de lectura<\/div>\r\n\r\n    \r\n<\/div>                            \r\n\r\n<div class=\"postcard2 roll-scale\">\r\n    <a href=\"https:\/\/www.vitaldent.com\/blog\/que-son-la-microdoncia-y-la-macrodoncia-y-como-se-tratan\/\" class=\"postcard2__image\" style=\"background-image:url('https:\/\/www.vitaldent.com\/blog\/wp-content\/uploads\/2023\/12\/macrodoncia-microdoncia-240x240.jpg')\"><\/a>\r\n\r\n            <div class=\"postcard2__catname catname\">Consejos y salud bucodental<\/div>\r\n    \r\n    <div class=\"postcard2__date\">8 abril 2026<\/div>\r\n\r\n    <h3 class=\"postcard2__title\" title=\"\u00bfQu\u00e9 son la microdoncia y la macrodoncia? \u00bfC\u00f3mo se tratan?\">\r\n        <a href=\"https:\/\/www.vitaldent.com\/blog\/que-son-la-microdoncia-y-la-macrodoncia-y-como-se-tratan\/\">\r\n            \u00bfQu\u00e9 son la microdoncia y la macrodoncia? \u00bfC\u00f3mo se tratan?        <\/a>\r\n    <\/h3>\r\n\r\n    <a href=\"https:\/\/www.vitaldent.com\/blog\/author\/dr-rafael-alvarado\/\"><img decoding=\"async\" class=\"postcard2__authoravatar roll-opacity\" src=\"https:\/\/www.vitaldent.com\/blog\/wp-content\/uploads\/2021\/08\/Foto-Dr-Rafael-Alvarado-1-e1628154884860-150x150.jpg\" title=\"Dr. Rafael Alvarado\"><\/a>\r\n\r\n        <div class=\"postcard2__readingtime readingtime\">6 min de lectura<\/div>\r\n\r\n    \r\n<\/div>            \n                <a href=\"https:\/\/clinicas.vitaldent.com\/\" target=\"_blank\" class=\"banner1\">\n        <img decoding=\"async\" src=\"https:\/\/www.vitaldent.com\/blog\/wp-content\/uploads\/2025\/08\/banner1-1.jpg\" alt=\"\">\n    <\/a>\n            \n        <\/div>\n\n                    <div class=\"postcollage1__col visible-mobile\">\n                \r\n<div class=\"postcard3 roll-scale\">\r\n    <a href=\"https:\/\/www.vitaldent.com\/blog\/mantenimiento-periodontal\/\" class=\"postcard3__image\" style=\"background-image:url('https:\/\/www.vitaldent.com\/blog\/wp-content\/uploads\/2026\/04\/mantenimiento-periodontal-636x460.jpg')\"><\/a>\r\n\r\n            <a href=\"https:\/\/www.vitaldent.com\/blog\/tratamientos-dentales\/\" class=\"postcard3__catname catname\">Tratamientos dentales<\/a>\r\n    \r\n    <div class=\"postcard3__date\">14 abril 2026<\/div>\r\n\r\n    <h3 class=\"postcard3__title\" title=\"Mantenimiento periodontal: \u00bfqu\u00e9 es y cu\u00e1ndo se realiza?\">\r\n        <a href=\"https:\/\/www.vitaldent.com\/blog\/mantenimiento-periodontal\/\">\r\n            Mantenimiento periodontal: \u00bfqu\u00e9 es y cu\u00e1ndo se realiza?        <\/a>\r\n    <\/h3>\r\n\r\n    \r\n    <a href=\"https:\/\/www.vitaldent.com\/blog\/author\/dra-eva-lago\/\"><img decoding=\"async\" class=\"postcard3__authoravatar roll-opacity\" src=\"https:\/\/secure.gravatar.com\/avatar\/79c74c24738a35bdf5899dc69bd93748b48c95a48d47fdbee010a5cf6895457d?s=32&#038;d=mm&#038;r=g\" title=\"Eva Lago\"><\/a>\r\n\r\n        <div class=\"postcard3__readingtime readingtime\">6 min de lectura<\/div>\r\n\r\n    \r\n<\/div>\r\n            <\/div>\n                    <div class=\"postcollage1__col visible-mobile\">\n                \r\n<div class=\"postcard3 roll-scale\">\r\n    <a href=\"https:\/\/www.vitaldent.com\/blog\/que-son-la-microdoncia-y-la-macrodoncia-y-como-se-tratan\/\" class=\"postcard3__image\" style=\"background-image:url('https:\/\/www.vitaldent.com\/blog\/wp-content\/uploads\/2023\/12\/macrodoncia-microdoncia-636x460.jpg')\"><\/a>\r\n\r\n            <a href=\"https:\/\/www.vitaldent.com\/blog\/consejos-salud-bucodental\/\" class=\"postcard3__catname catname\">Consejos y salud bucodental<\/a>\r\n    \r\n    <div class=\"postcard3__date\">8 abril 2026<\/div>\r\n\r\n    <h3 class=\"postcard3__title\" title=\"\u00bfQu\u00e9 son la microdoncia y la macrodoncia? \u00bfC\u00f3mo se tratan?\">\r\n        <a href=\"https:\/\/www.vitaldent.com\/blog\/que-son-la-microdoncia-y-la-macrodoncia-y-como-se-tratan\/\">\r\n            \u00bfQu\u00e9 son la microdoncia y la macrodoncia? \u00bfC\u00f3mo se tratan?        <\/a>\r\n    <\/h3>\r\n\r\n    \r\n    <a href=\"https:\/\/www.vitaldent.com\/blog\/author\/dr-rafael-alvarado\/\"><img decoding=\"async\" class=\"postcard3__authoravatar roll-opacity\" src=\"https:\/\/www.vitaldent.com\/blog\/wp-content\/uploads\/2021\/08\/Foto-Dr-Rafael-Alvarado-1-e1628154884860-150x150.jpg\" title=\"Dr. Rafael Alvarado\"><\/a>\r\n\r\n        <div class=\"postcard3__readingtime readingtime\">6 min de lectura<\/div>\r\n\r\n    \r\n<\/div>\r\n            <\/div>\n        \n        <div class=\"postcollage1__col visible-mobile\">\n            <div class=\"postcollage1__banner\">\n                    <a href=\"https:\/\/clinicas.vitaldent.com\/\" target=\"_blank\" class=\"banner1\">\n        <img decoding=\"async\" src=\"https:\/\/www.vitaldent.com\/blog\/wp-content\/uploads\/2025\/08\/banner1-1.jpg\" alt=\"\">\n    <\/a>\n            <\/div>\n\n        <\/div>\n\n    <\/div>\n<\/div>\n\n\n<script>\n\/\/window.addEventListener('load', function() {\n\/\/    $('.banner1').click(function() {\n\/\/        $('.te-llamamos a').click();\n\/\/        return false;\n\/\/    });\n\/\/});\n\n<\/script>\n\n\n\n<div class=\"wp-block-columns has-background is-layout-flex wp-container-core-columns-is-layout-9d6595d7 wp-block-columns-is-layout-flex\" style=\"background-color:#f3f6f9\">\n<div class=\"wp-block-column is-layout-flow wp-block-column-is-layout-flow\">\n<div class=\"container\">\n\n    <h2 class=\"title  title--type3\" style=\"text-align: center;\">\n        Lo m\u00e1s le\u00eddo    \n                    <span class=\"title__btn\">\n                <a href=\"https:\/\/www.vitaldent.com\/blog\/archivo\/?sort=most-read\" class=\"btn1 hidden-mobile\">\n                    Ver m\u00e1s                    \n<svg class=\"title__btn__chevron\" width=\"18\" height=\"18\" viewBox=\"0 0 18 18\" fill=\"none\" xmlns=\"http:\/\/www.w3.org\/2000\/svg\">\n<path d=\"M6.9832 4.73677C6.67227 5.05111 6.67227 5.55889 6.9832 5.87323L10.0766 9.00051L6.9832 12.1278C6.67227 12.4421 6.67227 12.9499 6.9832 13.2642C7.29413 13.5786 7.79641 13.5786 8.10735 13.2642L11.7668 9.56471C12.0777 9.25037 12.0777 8.74259 11.7668 8.42825L8.10735 4.72871C7.80438 4.42243 7.29413 4.42243 6.9832 4.73677Z\" fill=\"#0B518C\"\/>\n<\/svg>                <\/a>\n                <a href=\"https:\/\/www.vitaldent.com\/blog\/archivo\/?sort=most-read\" class=\"visible-mobile\">\n                    <img decoding=\"async\" src=\"https:\/\/www.vitaldent.com\/blog\/wp-content\/themes\/kdtheme\/img\/arrow-right.svg\">\n                <\/a>\n            <\/span>\n            <\/h2>\n\n<\/div>\n\n\n<div class=\"container\">\n    <div class=\"postcollage3\">\n                    \n            <div class=\"postcollage3__col\">\n                <div class=\"hidden-mobile\">\n                    \r\n<div class=\"postcard3 roll-scale\">\r\n    <a href=\"https:\/\/www.vitaldent.com\/blog\/descubre-los-mejores-remedios-caseros-para-el-dolor-de-muelas\/\" class=\"postcard3__image\" style=\"background-image:url('https:\/\/www.vitaldent.com\/blog\/wp-content\/uploads\/2020\/02\/1.-Remedios-dolor-muelas-636x460.jpg')\"><\/a>\r\n\r\n            <a href=\"https:\/\/www.vitaldent.com\/blog\/consejos-salud-bucodental\/\" class=\"postcard3__catname catname\">Consejos y salud bucodental<\/a>\r\n    \r\n    <div class=\"postcard3__date\">30 septiembre 2024<\/div>\r\n\r\n    <h3 class=\"postcard3__title\" title=\"Remedios caseros para el dolor de muelas\">\r\n        <a href=\"https:\/\/www.vitaldent.com\/blog\/descubre-los-mejores-remedios-caseros-para-el-dolor-de-muelas\/\">\r\n            Remedios caseros para el dolor de muelas        <\/a>\r\n    <\/h3>\r\n\r\n    \r\n    <a href=\"https:\/\/www.vitaldent.com\/blog\/author\/miriamalexandre\/\"><img decoding=\"async\" class=\"postcard3__authoravatar roll-opacity\" src=\"https:\/\/www.vitaldent.com\/blog\/wp-content\/uploads\/2024\/07\/dra-miriam-alexandre-150x150.jpeg\" title=\"Dra. Miriam Alexandre\"><\/a>\r\n\r\n        <div class=\"postcard3__readingtime readingtime\">4 min de lectura<\/div>\r\n\r\n    \r\n<\/div>\r\n                <\/div>\n\n                                    <div class=\"visible-mobile\">\n                        \r\n<div class=\"postcard1 roll-scale\">\r\n    <a href=\"https:\/\/www.vitaldent.com\/blog\/descubre-los-mejores-remedios-caseros-para-el-dolor-de-muelas\/\" class=\"postcard1__image\" style=\"background-image:url('https:\/\/www.vitaldent.com\/blog\/wp-content\/uploads\/2020\/02\/1.-Remedios-dolor-muelas.jpg')\"><\/a>\r\n    \r\n    <a href=\"https:\/\/www.vitaldent.com\/blog\/consejos-salud-bucodental\/\" class=\"postcard1__catname catname\">Consejos y salud bucodental<\/a>\r\n\r\n    <div class=\"postcard1__date\">30 septiembre 2024<\/div>\r\n\r\n    <h3 class=\"postcard1__title\" title=\"Remedios caseros para el dolor de muelas\">\r\n        <a href=\"https:\/\/www.vitaldent.com\/blog\/descubre-los-mejores-remedios-caseros-para-el-dolor-de-muelas\/\">Remedios caseros para el dolor de muelas<\/a>\r\n    <\/h3>\r\n\r\n    <a href=\"https:\/\/www.vitaldent.com\/blog\/author\/miriamalexandre\/\"><img decoding=\"async\" class=\"postcard1__authoravatar roll-opacity\" src=\"https:\/\/www.vitaldent.com\/blog\/wp-content\/uploads\/2024\/07\/dra-miriam-alexandre-150x150.jpeg\" alt=\"Dra. Miriam Alexandre\"><\/a>\r\n\r\n        <div class=\"postcard1__readingtime readingtime\">4 min de lectura<\/div>\r\n\r\n    <\/div>\r\n\r\n                    <\/div>\n                \n            <\/div>\n\n          \n            \n                    \n            <div class=\"postcollage3__col\">\n                <div class=\"\">\n                    \r\n<div class=\"postcard3 roll-scale\">\r\n    <a href=\"https:\/\/www.vitaldent.com\/blog\/bulto-en-la-encia-que-es-y-como-tratarlo\/\" class=\"postcard3__image\" style=\"background-image:url('https:\/\/www.vitaldent.com\/blog\/wp-content\/uploads\/2021\/09\/4.-Bultos-enci\u0301a-636x460.jpg')\"><\/a>\r\n\r\n            <a href=\"https:\/\/www.vitaldent.com\/blog\/tratamientos-dentales\/\" class=\"postcard3__catname catname\">Tratamientos dentales<\/a>\r\n    \r\n    <div class=\"postcard3__date\">3 diciembre 2025<\/div>\r\n\r\n    <h3 class=\"postcard3__title\" title=\"Tengo un bulto en la enc\u00eda: \u00bfqu\u00e9 es y c\u00f3mo se cura?\">\r\n        <a href=\"https:\/\/www.vitaldent.com\/blog\/bulto-en-la-encia-que-es-y-como-tratarlo\/\">\r\n            Tengo un bulto en la enc\u00eda: \u00bfqu\u00e9 es y c\u00f3mo se cura?        <\/a>\r\n    <\/h3>\r\n\r\n    \r\n    <a href=\"https:\/\/www.vitaldent.com\/blog\/author\/silvia-canals\/\"><img decoding=\"async\" class=\"postcard3__authoravatar roll-opacity\" src=\"https:\/\/secure.gravatar.com\/avatar\/22cf618d79c90b9f532d07ff409a560d2f596bc8cddfe1c0b93eecff919684d9?s=32&#038;d=mm&#038;r=g\" title=\"Dra. Silvia Canals\"><\/a>\r\n\r\n        <div class=\"postcard3__readingtime readingtime\">5 min de lectura<\/div>\r\n\r\n    \r\n<\/div>\r\n                <\/div>\n\n                \n            <\/div>\n\n          \n            \n                    \n            <div class=\"postcollage3__col\">\n                <div class=\"\">\n                    \r\n<div class=\"postcard3 roll-scale\">\r\n    <a href=\"https:\/\/www.vitaldent.com\/blog\/sabor-metalico-en-la-boca\/\" class=\"postcard3__image\" style=\"background-image:url('https:\/\/www.vitaldent.com\/blog\/wp-content\/uploads\/2020\/04\/sabor-metalico-boca-636x460.jpg')\"><\/a>\r\n\r\n            <a href=\"https:\/\/www.vitaldent.com\/blog\/consejos-salud-bucodental\/\" class=\"postcard3__catname catname\">Consejos y salud bucodental<\/a>\r\n    \r\n    <div class=\"postcard3__date\">14 agosto 2024<\/div>\r\n\r\n    <h3 class=\"postcard3__title\" title=\"\u00bfPor qu\u00e9 tenemos sabor met\u00e1lico en la boca?\">\r\n        <a href=\"https:\/\/www.vitaldent.com\/blog\/sabor-metalico-en-la-boca\/\">\r\n            \u00bfPor qu\u00e9 tenemos sabor met\u00e1lico en la boca?        <\/a>\r\n    <\/h3>\r\n\r\n    \r\n    <a href=\"https:\/\/www.vitaldent.com\/blog\/author\/mlatorre\/\"><img decoding=\"async\" class=\"postcard3__authoravatar roll-opacity\" src=\"https:\/\/www.vitaldent.com\/blog\/wp-content\/uploads\/2024\/02\/MariaLatorre-150x150.png\" title=\"Mar\u00eda Latorre\"><\/a>\r\n\r\n        <div class=\"postcard3__readingtime readingtime\">6 min de lectura<\/div>\r\n\r\n    \r\n<\/div>\r\n                <\/div>\n\n                \n            <\/div>\n\n          \n            \n            <\/div>\n<\/div>\n<\/div>\n<\/div>\n\n\n\n<div class=\"container\">\n\n    <h2 class=\"title  title--type2 has-border-bottom\" style=\"text-align: left;\">\n        Tratamientos dentales    \n                    <span class=\"title__btn\">\n                <a href=\"https:\/\/www.vitaldent.com\/blog\/tratamientos-dentales\/\" class=\"btn2 hidden-mobile\">\n                    Ver m\u00e1s                    \n<svg class=\"title__btn__chevron\" width=\"18\" height=\"18\" viewBox=\"0 0 18 18\" fill=\"none\" xmlns=\"http:\/\/www.w3.org\/2000\/svg\">\n<path d=\"M6.9832 4.73677C6.67227 5.05111 6.67227 5.55889 6.9832 5.87323L10.0766 9.00051L6.9832 12.1278C6.67227 12.4421 6.67227 12.9499 6.9832 13.2642C7.29413 13.5786 7.79641 13.5786 8.10735 13.2642L11.7668 9.56471C12.0777 9.25037 12.0777 8.74259 11.7668 8.42825L8.10735 4.72871C7.80438 4.42243 7.29413 4.42243 6.9832 4.73677Z\" fill=\"#0B518C\"\/>\n<\/svg>                <\/a>\n                <a href=\"https:\/\/www.vitaldent.com\/blog\/tratamientos-dentales\/\" class=\"visible-mobile\">\n                    <img decoding=\"async\" src=\"https:\/\/www.vitaldent.com\/blog\/wp-content\/themes\/kdtheme\/img\/arrow-right.svg\">\n                <\/a>\n            <\/span>\n            <\/h2>\n\n<\/div>\n\n\n\n<div class=\"container\">\n    <div class=\"postcollage2\">\n        <div class=\"postcollage2__col\">\n            \r\n<div class=\"postcard3 roll-scale\">\r\n    <a href=\"https:\/\/www.vitaldent.com\/blog\/mantenimiento-periodontal\/\" class=\"postcard3__image\" style=\"background-image:url('https:\/\/www.vitaldent.com\/blog\/wp-content\/uploads\/2026\/04\/mantenimiento-periodontal-636x460.jpg')\"><\/a>\r\n\r\n    \r\n    <div class=\"postcard3__date\">14 abril 2026<\/div>\r\n\r\n    <h3 class=\"postcard3__title\" title=\"Mantenimiento periodontal: \u00bfqu\u00e9 es y cu\u00e1ndo se realiza?\">\r\n        <a href=\"https:\/\/www.vitaldent.com\/blog\/mantenimiento-periodontal\/\">\r\n            Mantenimiento periodontal: \u00bfqu\u00e9 es y cu\u00e1ndo se realiza?        <\/a>\r\n    <\/h3>\r\n\r\n            <div class=\"postcard3__excerpt\">\r\n             Si te han diagnosticado periodontitis, es probable que en consulta te hayan hablado del&#8230;        <\/div>\r\n    \r\n    <a href=\"https:\/\/www.vitaldent.com\/blog\/author\/dra-eva-lago\/\"><img decoding=\"async\" class=\"postcard3__authoravatar roll-opacity\" src=\"https:\/\/secure.gravatar.com\/avatar\/79c74c24738a35bdf5899dc69bd93748b48c95a48d47fdbee010a5cf6895457d?s=32&#038;d=mm&#038;r=g\" title=\"Eva Lago\"><\/a>\r\n\r\n        <div class=\"postcard3__readingtime readingtime\">6 min de lectura<\/div>\r\n\r\n    \r\n<\/div>\r\n        <\/div>\n        <div class=\"postcollage2__col\">\n            \r\n<div class=\"postcard3 roll-scale\">\r\n    <a href=\"https:\/\/www.vitaldent.com\/blog\/blanqueamiento-dental-combinado-en-que-consiste\/\" class=\"postcard3__image\" style=\"background-image:url('https:\/\/www.vitaldent.com\/blog\/wp-content\/uploads\/2022\/04\/blanqueamiento-dental-combinado-636x380.jpg')\"><\/a>\r\n\r\n    \r\n    <div class=\"postcard3__date\">7 abril 2026<\/div>\r\n\r\n    <h3 class=\"postcard3__title\" title=\"Blanqueamiento dental combinado: \u00bfen qu\u00e9 consiste? \u00bfPor qu\u00e9 suele ser m\u00e1s efectivo?\">\r\n        <a href=\"https:\/\/www.vitaldent.com\/blog\/blanqueamiento-dental-combinado-en-que-consiste\/\">\r\n             Blanqueamiento dental combinado: \u00bfen qu\u00e9 consiste? \u00bfPor qu\u00e9 suele ser m\u00e1s&#8230;        <\/a>\r\n    <\/h3>\r\n\r\n            <div class=\"postcard3__excerpt\">\r\n             El blanqueamiento dental combinado persigue los mismos objetivos que cualquier otro tipo de&#8230;        <\/div>\r\n    \r\n    <a href=\"https:\/\/www.vitaldent.com\/blog\/author\/dra-eva-lago\/\"><img decoding=\"async\" class=\"postcard3__authoravatar roll-opacity\" src=\"https:\/\/secure.gravatar.com\/avatar\/79c74c24738a35bdf5899dc69bd93748b48c95a48d47fdbee010a5cf6895457d?s=32&#038;d=mm&#038;r=g\" title=\"Eva Lago\"><\/a>\r\n\r\n        <div class=\"postcard3__readingtime readingtime\">4 min de lectura<\/div>\r\n\r\n    \r\n<\/div>\r\n        <\/div>\n        <div class=\"postcollage2__col\">\n                            \r\n\r\n<div class=\"postcard2 roll-scale\">\r\n    <a href=\"https:\/\/www.vitaldent.com\/blog\/mockup-dental-descubre-como-sera-tu-nueva-sonrisa\/\" class=\"postcard2__image\" style=\"background-image:url('https:\/\/www.vitaldent.com\/blog\/wp-content\/uploads\/2021\/09\/Mockup-Dental-240x240.jpg')\"><\/a>\r\n\r\n    \r\n    <div class=\"postcard2__date\">6 abril 2026<\/div>\r\n\r\n    <h3 class=\"postcard2__title\" title=\"\u00bfQu\u00e9 es un mock-up dental? \u00bfPara qu\u00e9 sirve?\">\r\n        <a href=\"https:\/\/www.vitaldent.com\/blog\/mockup-dental-descubre-como-sera-tu-nueva-sonrisa\/\">\r\n            \u00bfQu\u00e9 es un mock-up dental? \u00bfPara qu\u00e9 sirve?        <\/a>\r\n    <\/h3>\r\n\r\n    <a href=\"https:\/\/www.vitaldent.com\/blog\/author\/emilio-ruiz\/\"><img decoding=\"async\" class=\"postcard2__authoravatar roll-opacity\" src=\"https:\/\/www.vitaldent.com\/blog\/wp-content\/uploads\/2022\/03\/Emiolio-Ruiz-150x150.jpeg\" title=\"Dr. Emilio Ruiz\"><\/a>\r\n\r\n        <div class=\"postcard2__readingtime readingtime\">6 min de lectura<\/div>\r\n\r\n    \r\n<\/div>                            \r\n\r\n<div class=\"postcard2 roll-scale\">\r\n    <a href=\"https:\/\/www.vitaldent.com\/blog\/blanqueamiento-dental-led-usos-y-ventajas\/\" class=\"postcard2__image\" style=\"background-image:url('https:\/\/www.vitaldent.com\/blog\/wp-content\/uploads\/2021\/09\/68.-Blanqueamiento-LED-240x240.jpg')\"><\/a>\r\n\r\n    \r\n    <div class=\"postcard2__date\">5 marzo 2026<\/div>\r\n\r\n    <h3 class=\"postcard2__title\" title=\"Blanqueamiento dental LED: \u00bfQu\u00e9 es y c\u00f3mo funciona?\">\r\n        <a href=\"https:\/\/www.vitaldent.com\/blog\/blanqueamiento-dental-led-usos-y-ventajas\/\">\r\n            Blanqueamiento dental LED: \u00bfQu\u00e9 es y c\u00f3mo funciona?        <\/a>\r\n    <\/h3>\r\n\r\n    <a href=\"https:\/\/www.vitaldent.com\/blog\/author\/dra-eva-lago\/\"><img decoding=\"async\" class=\"postcard2__authoravatar roll-opacity\" src=\"https:\/\/secure.gravatar.com\/avatar\/79c74c24738a35bdf5899dc69bd93748b48c95a48d47fdbee010a5cf6895457d?s=32&#038;d=mm&#038;r=g\" title=\"Eva Lago\"><\/a>\r\n\r\n        <div class=\"postcard2__readingtime readingtime\">6 min de lectura<\/div>\r\n\r\n    \r\n<\/div>                            \r\n\r\n<div class=\"postcard2 roll-scale\">\r\n    <a href=\"https:\/\/www.vitaldent.com\/blog\/que-es-el-composite-dental\/\" class=\"postcard2__image\" style=\"background-image:url('https:\/\/www.vitaldent.com\/blog\/wp-content\/uploads\/2022\/03\/composite-dental-240x240.jpg')\"><\/a>\r\n\r\n    \r\n    <div class=\"postcard2__date\">5 marzo 2026<\/div>\r\n\r\n    <h3 class=\"postcard2__title\" title=\"\u00bfQu\u00e9 es el composite dental? \u00bfCu\u00e1ndo se utiliza?\">\r\n        <a href=\"https:\/\/www.vitaldent.com\/blog\/que-es-el-composite-dental\/\">\r\n            \u00bfQu\u00e9 es el composite dental? \u00bfCu\u00e1ndo se utiliza?        <\/a>\r\n    <\/h3>\r\n\r\n    <a href=\"https:\/\/www.vitaldent.com\/blog\/author\/dra-eva-lago\/\"><img decoding=\"async\" class=\"postcard2__authoravatar roll-opacity\" src=\"https:\/\/secure.gravatar.com\/avatar\/79c74c24738a35bdf5899dc69bd93748b48c95a48d47fdbee010a5cf6895457d?s=32&#038;d=mm&#038;r=g\" title=\"Eva Lago\"><\/a>\r\n\r\n        <div class=\"postcard2__readingtime readingtime\">6 min de lectura<\/div>\r\n\r\n    \r\n<\/div>            \n        <\/div>\n    <\/div>\n<\/div>\n\n\n<div class=\"container\">\n\n    <h2 class=\"title  title--type2 has-border-bottom\" style=\"text-align: left;\">\n        Consejos y salud bucodental    \n                    <span class=\"title__btn\">\n                <a href=\"https:\/\/www.vitaldent.com\/blog\/consejos-salud-bucodental\/\" class=\"btn2 hidden-mobile\">\n                    Ver m\u00e1s                    \n<svg class=\"title__btn__chevron\" width=\"18\" height=\"18\" viewBox=\"0 0 18 18\" fill=\"none\" xmlns=\"http:\/\/www.w3.org\/2000\/svg\">\n<path d=\"M6.9832 4.73677C6.67227 5.05111 6.67227 5.55889 6.9832 5.87323L10.0766 9.00051L6.9832 12.1278C6.67227 12.4421 6.67227 12.9499 6.9832 13.2642C7.29413 13.5786 7.79641 13.5786 8.10735 13.2642L11.7668 9.56471C12.0777 9.25037 12.0777 8.74259 11.7668 8.42825L8.10735 4.72871C7.80438 4.42243 7.29413 4.42243 6.9832 4.73677Z\" fill=\"#0B518C\"\/>\n<\/svg>                <\/a>\n                <a href=\"https:\/\/www.vitaldent.com\/blog\/consejos-salud-bucodental\/\" class=\"visible-mobile\">\n                    <img decoding=\"async\" src=\"https:\/\/www.vitaldent.com\/blog\/wp-content\/themes\/kdtheme\/img\/arrow-right.svg\">\n                <\/a>\n            <\/span>\n            <\/h2>\n\n<\/div>\n\n\n\n<div class=\"container\">\n    <div class=\"postcollage2\">\n        <div class=\"postcollage2__col\">\n            \r\n<div class=\"postcard3 roll-scale\">\r\n    <a href=\"https:\/\/www.vitaldent.com\/blog\/que-hacer-ante-una-urgencia-dental\/\" class=\"postcard3__image\" style=\"background-image:url('https:\/\/www.vitaldent.com\/blog\/wp-content\/uploads\/2026\/04\/que-hacer-ante-una-urgencia-dental-636x460.jpg')\"><\/a>\r\n\r\n    \r\n    <div class=\"postcard3__date\">22 abril 2026<\/div>\r\n\r\n    <h3 class=\"postcard3__title\" title=\"\u00bfQu\u00e9 hacer ante una urgencia dental?\">\r\n        <a href=\"https:\/\/www.vitaldent.com\/blog\/que-hacer-ante-una-urgencia-dental\/\">\r\n            \u00bfQu\u00e9 hacer ante una urgencia dental?        <\/a>\r\n    <\/h3>\r\n\r\n            <div class=\"postcard3__excerpt\">\r\n             En caso de urgencia dental, lo m\u00e1s importante es mantener la calma, aplicar los primeros auxilios&#8230;        <\/div>\r\n    \r\n    <a href=\"https:\/\/www.vitaldent.com\/blog\/author\/dra-eva-lago\/\"><img decoding=\"async\" class=\"postcard3__authoravatar roll-opacity\" src=\"https:\/\/secure.gravatar.com\/avatar\/79c74c24738a35bdf5899dc69bd93748b48c95a48d47fdbee010a5cf6895457d?s=32&#038;d=mm&#038;r=g\" title=\"Eva Lago\"><\/a>\r\n\r\n        <div class=\"postcard3__readingtime readingtime\">9 min de lectura<\/div>\r\n\r\n    \r\n<\/div>\r\n        <\/div>\n        <div class=\"postcollage2__col\">\n            \r\n<div class=\"postcard3 roll-scale\">\r\n    <a href=\"https:\/\/www.vitaldent.com\/blog\/que-son-la-microdoncia-y-la-macrodoncia-y-como-se-tratan\/\" class=\"postcard3__image\" style=\"background-image:url('https:\/\/www.vitaldent.com\/blog\/wp-content\/uploads\/2023\/12\/macrodoncia-microdoncia-636x460.jpg')\"><\/a>\r\n\r\n    \r\n    <div class=\"postcard3__date\">8 abril 2026<\/div>\r\n\r\n    <h3 class=\"postcard3__title\" title=\"\u00bfQu\u00e9 son la microdoncia y la macrodoncia? \u00bfC\u00f3mo se tratan?\">\r\n        <a href=\"https:\/\/www.vitaldent.com\/blog\/que-son-la-microdoncia-y-la-macrodoncia-y-como-se-tratan\/\">\r\n            \u00bfQu\u00e9 son la microdoncia y la macrodoncia? \u00bfC\u00f3mo se tratan?        <\/a>\r\n    <\/h3>\r\n\r\n            <div class=\"postcard3__excerpt\">\r\n             \u00bfPresentas microdoncia o macrodoncia? Si alguna vez has pensado que tus dientes son \u201cdemasiado&#8230;        <\/div>\r\n    \r\n    <a href=\"https:\/\/www.vitaldent.com\/blog\/author\/dr-rafael-alvarado\/\"><img decoding=\"async\" class=\"postcard3__authoravatar roll-opacity\" src=\"https:\/\/www.vitaldent.com\/blog\/wp-content\/uploads\/2021\/08\/Foto-Dr-Rafael-Alvarado-1-e1628154884860-150x150.jpg\" title=\"Dr. Rafael Alvarado\"><\/a>\r\n\r\n        <div class=\"postcard3__readingtime readingtime\">6 min de lectura<\/div>\r\n\r\n    \r\n<\/div>\r\n        <\/div>\n        <div class=\"postcollage2__col\">\n                            \r\n\r\n<div class=\"postcard2 roll-scale\">\r\n    <a href=\"https:\/\/www.vitaldent.com\/blog\/que-es-la-pultpitis-y-como-afecta-tus-dientes\/\" class=\"postcard2__image\" style=\"background-image:url('https:\/\/www.vitaldent.com\/blog\/wp-content\/uploads\/2021\/09\/75.-pulpitis-240x240.jpg')\"><\/a>\r\n\r\n    \r\n    <div class=\"postcard2__date\">7 abril 2026<\/div>\r\n\r\n    <h3 class=\"postcard2__title\" title=\"\u00bfQu\u00e9 es la pulpitis y c\u00f3mo afecta a tus dientes?\">\r\n        <a href=\"https:\/\/www.vitaldent.com\/blog\/que-es-la-pultpitis-y-como-afecta-tus-dientes\/\">\r\n            \u00bfQu\u00e9 es la pulpitis y c\u00f3mo afecta a tus dientes?        <\/a>\r\n    <\/h3>\r\n\r\n    <a href=\"https:\/\/www.vitaldent.com\/blog\/author\/dr-rafael-alvarado\/\"><img decoding=\"async\" class=\"postcard2__authoravatar roll-opacity\" src=\"https:\/\/www.vitaldent.com\/blog\/wp-content\/uploads\/2021\/08\/Foto-Dr-Rafael-Alvarado-1-e1628154884860-150x150.jpg\" title=\"Dr. Rafael Alvarado\"><\/a>\r\n\r\n        <div class=\"postcard2__readingtime readingtime\">5 min de lectura<\/div>\r\n\r\n    \r\n<\/div>                            \r\n\r\n<div class=\"postcard2 roll-scale\">\r\n    <a href=\"https:\/\/www.vitaldent.com\/blog\/muela-rota-que-hacer-tipos-de-fracturas-y-soluciones\/\" class=\"postcard2__image\" style=\"background-image:url('https:\/\/www.vitaldent.com\/blog\/wp-content\/uploads\/2023\/10\/muela-rota-240x240.jpg')\"><\/a>\r\n\r\n    \r\n    <div class=\"postcard2__date\">4 marzo 2026<\/div>\r\n\r\n    <h3 class=\"postcard2__title\" title=\"Muela rota: qu\u00e9 hacer, tipos de fracturas y soluciones\">\r\n        <a href=\"https:\/\/www.vitaldent.com\/blog\/muela-rota-que-hacer-tipos-de-fracturas-y-soluciones\/\">\r\n            Muela rota: qu\u00e9 hacer, tipos de fracturas y soluciones        <\/a>\r\n    <\/h3>\r\n\r\n    <a href=\"https:\/\/www.vitaldent.com\/blog\/author\/dr-rafael-alvarado\/\"><img decoding=\"async\" class=\"postcard2__authoravatar roll-opacity\" src=\"https:\/\/www.vitaldent.com\/blog\/wp-content\/uploads\/2021\/08\/Foto-Dr-Rafael-Alvarado-1-e1628154884860-150x150.jpg\" title=\"Dr. Rafael Alvarado\"><\/a>\r\n\r\n        <div class=\"postcard2__readingtime readingtime\">4 min de lectura<\/div>\r\n\r\n    \r\n<\/div>                            \r\n\r\n<div class=\"postcard2 roll-scale\">\r\n    <a href=\"https:\/\/www.vitaldent.com\/blog\/se-me-mueve-un-diente\/\" class=\"postcard2__image\" style=\"background-image:url('https:\/\/www.vitaldent.com\/blog\/wp-content\/uploads\/2026\/01\/se-me-mueve-un-diente-240x240.jpg')\"><\/a>\r\n\r\n    \r\n    <div class=\"postcard2__date\">12 enero 2026<\/div>\r\n\r\n    <h3 class=\"postcard2__title\" title=\"\u00bfPor qu\u00e9 se me mueve un diente y cu\u00e1l es la soluci\u00f3n?\">\r\n        <a href=\"https:\/\/www.vitaldent.com\/blog\/se-me-mueve-un-diente\/\">\r\n            \u00bfPor qu\u00e9 se me mueve un diente y cu\u00e1l es la soluci\u00f3n?        <\/a>\r\n    <\/h3>\r\n\r\n    <a href=\"https:\/\/www.vitaldent.com\/blog\/author\/dr-rafael-alvarado\/\"><img decoding=\"async\" class=\"postcard2__authoravatar roll-opacity\" src=\"https:\/\/www.vitaldent.com\/blog\/wp-content\/uploads\/2021\/08\/Foto-Dr-Rafael-Alvarado-1-e1628154884860-150x150.jpg\" title=\"Dr. Rafael Alvarado\"><\/a>\r\n\r\n        <div class=\"postcard2__readingtime readingtime\">4 min de lectura<\/div>\r\n\r\n    \r\n<\/div>            \n        <\/div>\n    <\/div>\n<\/div>\n\n\n<div class=\"wp-block-group container\"><div class=\"wp-block-group__inner-container is-layout-constrained wp-block-group-is-layout-constrained\">\r\n<div class=\"info-message \">\r\n    <div class=\"info-message__content\">\r\n        <div class=\"info-message__icon\">\r\n            <img decoding=\"async\" src=\"https:\/\/www.vitaldent.com\/blog\/wp-content\/themes\/kdtheme\/img\/info-icon.png\" alt=\"\"\/>\r\n        <\/div>\r\n        <div class=\"info-message__text\">\r\n            <p>Los contenidos publicados en la web de Vitaldent han superado un\u00a0<a href=\"https:\/\/www.vitaldent.com\/es\/proceso-editorial-y-comision-medica\/\" rel=\"noopener\" data-saferedirecturl=\"https:\/\/www.google.com\/url?q=https:\/\/www.vitaldent.com\/es\/proceso-editorial-y-comision-medica\/&amp;source=gmail&amp;ust=1719041134677000&amp;usg=AOvVaw0Ww9bGuKuthtVAiT_toeot\"><b>riguroso proceso editorial<\/b><\/a>\u00a0que garantiza la precisi\u00f3n, veracidad y calidad de la informaci\u00f3n. Dicho proceso editorial involucra a destacados miembros de la compa\u00f1\u00eda, entre los que se encuentran los m\u00e9dicos y odont\u00f3logos que forman parte de nuestra direcci\u00f3n m\u00e9dica. No obstante, las recomendaciones ofrecidas son de car\u00e1cter general y no reemplazan el diagn\u00f3stico o la valoraci\u00f3n que un profesional pueda realizar en la consulta dental. Por tanto, si hay alg\u00fan aspecto que te preocupa o deseas asesoramiento personalizado, te recomendamos acudir a una de\u00a0<a href=\"https:\/\/clinicas.vitaldent.com\/\" rel=\"noopener\" data-saferedirecturl=\"https:\/\/www.google.com\/url?q=https:\/\/clinicas.vitaldent.com\/&amp;source=gmail&amp;ust=1719041134677000&amp;usg=AOvVaw2Rs9ewqxbVpJedLhB3sqOc\"><b>nuestras cl\u00ednicas dentales<\/b><\/a>.<\/p>\n        <\/div>\r\n    <\/div>\r\n<\/div><\/div><\/div>\n","protected":false},"excerpt":{"rendered":"","protected":false},"author":1,"featured_media":0,"parent":0,"menu_order":0,"comment_status":"closed","ping_status":"closed","template":"","meta":{"_acf_changed":false,"_stopmodifiedupdate":false,"_modified_date":"","footnotes":""},"class_list":["post-5","page","type-page","status-publish","hentry"],"acf":[],"yoast_head":"<!-- This site is optimized with the Yoast SEO plugin v27.4 - https:\/\/yoast.com\/product\/yoast-seo-wordpress\/ -->\n<title>El blog de Vitaldent | H\u00e1bitos, tratamientos y consejos de Salud Dental<\/title>\n<meta name=\"description\" content=\"Aqu\u00ed encontrar\u00e1s consejos sobre c\u00f3mo mejorar la salud y est\u00e9tica de tu boca. Y damos respuestas a tus dudas sobre salud, higiene y tratamientos dentales?\" \/>\n<meta name=\"robots\" content=\"index, follow, max-snippet:-1, max-image-preview:large, max-video-preview:-1\" \/>\n<link rel=\"canonical\" href=\"https:\/\/www.vitaldent.com\/blog\/\" \/>\n<meta property=\"og:locale\" content=\"es_ES\" \/>\n<meta property=\"og:type\" content=\"article\" \/>\n<meta property=\"og:title\" content=\"El blog de Vitaldent | H\u00e1bitos, tratamientos y consejos de Salud Dental\" \/>\n<meta property=\"og:description\" content=\"Aqu\u00ed encontrar\u00e1s consejos sobre c\u00f3mo mejorar la salud y est\u00e9tica de tu boca. Y damos respuestas a tus dudas sobre salud, higiene y tratamientos dentales?\" \/>\n<meta property=\"og:url\" content=\"https:\/\/www.vitaldent.com\/blog\/\" \/>\n<meta property=\"og:site_name\" content=\"El blog de Vitaldent | H\u00e1bitos, tratamientos y consejos de Salud Dental\" \/>\n<meta property=\"article:modified_time\" content=\"2025-09-18T13:05:39+00:00\" \/>\n<meta name=\"twitter:card\" content=\"summary_large_image\" \/>\n<meta name=\"twitter:label1\" content=\"Tiempo de lectura\" \/>\n\t<meta name=\"twitter:data1\" content=\"1 minuto\" \/>\n<!-- \/ Yoast SEO plugin. -->","yoast_head_json":{"title":"El blog de Vitaldent | H\u00e1bitos, tratamientos y consejos de Salud Dental","description":"Aqu\u00ed encontrar\u00e1s consejos sobre c\u00f3mo mejorar la salud y est\u00e9tica de tu boca. Y damos respuestas a tus dudas sobre salud, higiene y tratamientos dentales?","robots":{"index":"index","follow":"follow","max-snippet":"max-snippet:-1","max-image-preview":"max-image-preview:large","max-video-preview":"max-video-preview:-1"},"canonical":"https:\/\/www.vitaldent.com\/blog\/","og_locale":"es_ES","og_type":"article","og_title":"El blog de Vitaldent | H\u00e1bitos, tratamientos y consejos de Salud Dental","og_description":"Aqu\u00ed encontrar\u00e1s consejos sobre c\u00f3mo mejorar la salud y est\u00e9tica de tu boca. Y damos respuestas a tus dudas sobre salud, higiene y tratamientos dentales?","og_url":"https:\/\/www.vitaldent.com\/blog\/","og_site_name":"El blog de Vitaldent | H\u00e1bitos, tratamientos y consejos de Salud Dental","article_modified_time":"2025-09-18T13:05:39+00:00","twitter_card":"summary_large_image","twitter_misc":{"Tiempo de lectura":"1 minuto"},"schema":{"@context":"https:\/\/schema.org","@graph":[{"@type":"WebPage","@id":"https:\/\/www.vitaldent.com\/blog\/","url":"https:\/\/www.vitaldent.com\/blog\/","name":"El blog de Vitaldent | H\u00e1bitos, tratamientos y consejos de Salud Dental","isPartOf":{"@id":"https:\/\/www.vitaldent.com\/blog\/#website"},"datePublished":"2020-02-05T12:00:46+00:00","dateModified":"2025-09-18T13:05:39+00:00","description":"Aqu\u00ed encontrar\u00e1s consejos sobre c\u00f3mo mejorar la salud y est\u00e9tica de tu boca. Y damos respuestas a tus dudas sobre salud, higiene y tratamientos dentales?","breadcrumb":{"@id":"https:\/\/www.vitaldent.com\/blog\/#breadcrumb"},"inLanguage":"es","potentialAction":[{"@type":"ReadAction","target":["https:\/\/www.vitaldent.com\/blog\/"]}]},{"@type":"BreadcrumbList","@id":"https:\/\/www.vitaldent.com\/blog\/#breadcrumb","itemListElement":[{"@type":"ListItem","position":1,"name":"Home","item":"https:\/\/www.vitaldent.com\/blog\/"},{"@type":"ListItem","position":2,"name":"El blog de Vitaldent | H\u00e1bitos, tratamientos y consejos de Salud Dental"}]},{"@type":"WebSite","@id":"https:\/\/www.vitaldent.com\/blog\/#website","url":"https:\/\/www.vitaldent.com\/blog\/","name":"El blog de Vitaldent | H\u00e1bitos, tratamientos y consejos de Salud Dental","description":"El blog en el que encontrar\u00e1s h\u00e1bitos, tratamientos y consejos de salud dental","potentialAction":[{"@type":"SearchAction","target":{"@type":"EntryPoint","urlTemplate":"https:\/\/www.vitaldent.com\/blog\/?s={search_term_string}"},"query-input":{"@type":"PropertyValueSpecification","valueRequired":true,"valueName":"search_term_string"}}],"inLanguage":"es"}]}},"_links":{"self":[{"href":"https:\/\/www.vitaldent.com\/blog\/wp-json\/wp\/v2\/pages\/5","targetHints":{"allow":["GET"]}}],"collection":[{"href":"https:\/\/www.vitaldent.com\/blog\/wp-json\/wp\/v2\/pages"}],"about":[{"href":"https:\/\/www.vitaldent.com\/blog\/wp-json\/wp\/v2\/types\/page"}],"author":[{"embeddable":true,"href":"https:\/\/www.vitaldent.com\/blog\/wp-json\/wp\/v2\/users\/1"}],"replies":[{"embeddable":true,"href":"https:\/\/www.vitaldent.com\/blog\/wp-json\/wp\/v2\/comments?post=5"}],"version-history":[{"count":35,"href":"https:\/\/www.vitaldent.com\/blog\/wp-json\/wp\/v2\/pages\/5\/revisions"}],"predecessor-version":[{"id":14759,"href":"https:\/\/www.vitaldent.com\/blog\/wp-json\/wp\/v2\/pages\/5\/revisions\/14759"}],"wp:attachment":[{"href":"https:\/\/www.vitaldent.com\/blog\/wp-json\/wp\/v2\/media?parent=5"}],"curies":[{"name":"wp","href":"https:\/\/api.w.org\/{rel}","templated":true}]}}